{"id":10044,"date":"2026-04-21T11:12:38","date_gmt":"2026-04-21T09:12:38","guid":{"rendered":"https:\/\/www.websupport.hu\/tamogatas\/?post_type=ht_kb&#038;p=10044"},"modified":"2026-04-21T11:12:40","modified_gmt":"2026-04-21T09:12:40","slug":"a-wordpress-ujratelepitese","status":"publish","type":"ht_kb","link":"https:\/\/www.websupport.hu\/tamogatas\/kb\/a-wordpress-ujratelepitese\/","title":{"rendered":"A WordPress \u00fajratelep\u00edt\u00e9se"},"content":{"rendered":"\n<p id=\"tw-target-text\">Ha szeretn\u00e9d el\u0151lr\u0151l kezdeni \u00e9s vissza\u00e1ll\u00edtan\u00e1d az oldalad az alap\u00e9rtelmezett, \u00fcres WordPress oldalra, fontos tudnod, hogy minden addig felt\u00f6lt\u00f6tt tartalom automatikusan t\u00f6rl\u00e9sre ker\u00fcl az \u00fajratelep\u00edt\u00e9s sor\u00e1n.  <\/p>\n\n\n\n<p class=\"has-medium-font-size\"><strong>Mi a teend\u0151, ha a domainem standard konfigur\u00e1ci\u00f3k\u00e9nt (web+mail) van felv\u00e9ve a t\u00e1rhelyre?<\/strong><\/p>\n\n\n\n<ol class=\"wp-block-list\">\n<li>Jelentkezz be a <a href=\"http:\/\/admin.websupport.hu\">WebAdmin<\/a> fel\u00fclet\u00e9re. <\/li>\n\n\n\n<li>Kattints a bal oldali men\u00fcoszlop <strong>Szolg\u00e1ltat\u00e1sok<\/strong> men\u00fcpontj\u00e1ra \u00e9s v\u00e1laszd ki az adott domaint.<\/li>\n\n\n\n<li>A bal oldali men\u00fcoszlopban kattints a <strong>Speci\u00e1lis konfigur\u00e1ci\u00f3 \/ FTP fi\u00f3kok<\/strong> men\u00fcpontj\u00e1ra, majd jelentkezz be az FTP fi\u00f3kodba. Ha m\u00e9g nincs FTP fi\u00f3kod, k\u00f6vesd az <a href=\"https:\/\/www.websupport.hu\/tamogatas\/kb\/ftp-fiok-es-kapcsolodas\/\">itt<\/a> r\u00e9szletezett l\u00e9p\u00e9seket.<\/li>\n\n\n\n<li>T\u00f6r\u00f6ld a mapp\u00e1t abb\u00f3l a k\u00f6nyvt\u00e1rb\u00f3l, ahova a WordPress-t telep\u00edtetted. Ha a f\u0151domain al\u00e1 telep\u00edtetted, \u00fagy a web mappa tartalm\u00e1t sz\u00fcks\u00e9ges t\u00f6r\u00f6ln\u00f6d. Ha viszont egy aldomain al\u00e1 telep\u00edtetted a WordPress-t, akkor az adott almapp\u00e1b\u00f3l sz\u00fcks\u00e9ges t\u00f6r\u00f6ln\u00f6d a megfelel\u0151 mapp\u00e1t.<\/li>\n\n\n\n<li>Ha ez megvan, az adminfel\u00fcleten m\u00e9g t\u00f6r\u00f6ln\u00f6d kell az adott WordPress telep\u00edt\u00e9shez tartoz\u00f3 adatb\u00e1zist is a bal oldali men\u00fcoszlop <strong>Speci\u00e1lis konfigur\u00e1ci\u00f3 \/ Adatb\u00e1zisok<\/strong> men\u00fcpontj\u00e1n bel\u00fcl. Figyelj arra, hogy olyan adatb\u00e1zist ne t\u00f6r\u00f6lj, amit p\u00e9ld\u00e1ul egy aldomain haszn\u00e1l. Ha nem vagy benne biztos, hogy t\u00f6r\u00f6lhet\u0151 az adatb\u00e1zis, akkor hagyd meg nyugodtan a fi\u00f3kban \u00e9s az \u00faj WordPress telep\u00edt\u00e9s sor\u00e1n l\u00e9trej\u00f6n egy \u00fajabb, megfelel\u0151 adatb\u00e1zis.<\/li>\n\n\n\n<li>Ha a t\u00f6rl\u00e9ssel v\u00e9gezt\u00e9l, az adminfel\u00fcleten a bal oldali <strong>Speci\u00e1lis konfigur\u00e1ci\u00f3 \/ CMS<\/strong> men\u00fcponton bel\u00fcl tudod elind\u00edtani az \u00faj telep\u00edt\u00e9st. A telep\u00edt\u00e9s ak\u00e1r 15-30 percet is ig\u00e9nybe vehet a szervert\u0151l f\u00fcgg\u0151en.<\/li>\n\n\n\n<li>A sikeres telep\u00edt\u00e9s ut\u00e1n jelentkezz be a WordPress adminisztr\u00e1ci\u00f3s fel\u00fclet\u00e9re. A f\u0151domain al\u00e1 t\u00f6rt\u00e9n\u0151 telep\u00edt\u00e9s eset\u00e9n a helyes URL form\u00e1tum a k\u00f6vetkez\u0151: <strong>azendomainem.hu\/wp-admin<\/strong><\/li>\n<\/ol>\n\n\n\n<p class=\"has-medium-font-size\"><strong>Mi a teend\u0151, ha a domainemet WordPress telep\u00edt\u00e9ssel (+AI asszisztens) rendeltem t\u00e1rhelyhez?<\/strong><\/p>\n\n\n\n<ol class=\"wp-block-list\">\n<li>Jelentkezz be a <a href=\"http:\/\/admin.websupport.hu\" id=\"admin.websupport.hu\">WebAdmin<\/a> fel\u00fclet\u00e9re.<\/li>\n\n\n\n<li>Kattints a bal oldali men\u00fcoszlop <strong>Szolg\u00e1ltat\u00e1sok<\/strong> men\u00fcpontj\u00e1ra \u00e9s v\u00e1laszd ki az adott domaint.<\/li>\n\n\n\n<li>A k\u00f6vetkez\u0151 oldalon a jobb fels\u0151 sarokban kattints a <strong>&#8230;<\/strong> (h\u00e1rom pont) linkre a <strong>Bejelentkez\u00e9s a WordPress<\/strong>-be gomb mellett, majd v\u00e1laszd a leny\u00edl\u00f3 men\u00fc <strong>WordPress \u00fajratelep\u00edt\u00e9se<\/strong> men\u00fcpontj\u00e1t. <\/li>\n<\/ol>\n\n\n\n<figure class=\"wp-block-image size-large\"><img loading=\"lazy\" decoding=\"async\" width=\"762\" height=\"246\" src=\"https:\/\/www.websupport.hu\/tamogatas\/app\/uploads\/sites\/3\/2026\/04\/14-762x246.png\" alt=\"\" class=\"wp-image-10047\" srcset=\"https:\/\/www.websupport.hu\/tamogatas\/app\/uploads\/sites\/3\/2026\/04\/14-762x246.png 762w, https:\/\/www.websupport.hu\/tamogatas\/app\/uploads\/sites\/3\/2026\/04\/14-400x129.png 400w, https:\/\/www.websupport.hu\/tamogatas\/app\/uploads\/sites\/3\/2026\/04\/14-768x247.png 768w, https:\/\/www.websupport.hu\/tamogatas\/app\/uploads\/sites\/3\/2026\/04\/14-50x16.png 50w, https:\/\/www.websupport.hu\/tamogatas\/app\/uploads\/sites\/3\/2026\/04\/14-60x19.png 60w, https:\/\/www.websupport.hu\/tamogatas\/app\/uploads\/sites\/3\/2026\/04\/14-100x32.png 100w, https:\/\/www.websupport.hu\/tamogatas\/app\/uploads\/sites\/3\/2026\/04\/14.png 903w\" sizes=\"auto, (max-width: 762px) 100vw, 762px\" \/><\/figure>\n\n\n\n<p>Miut\u00e1n a WordPress \u00fajratelep\u00edt\u00e9se opci\u00f3ra kattintott\u00e1l, m\u00e9g megjelenik egy <strong>meger\u0151s\u00edt\u0151 ablak<\/strong>, amely t\u00e1j\u00e9koztat arr\u00f3l, hogy ez a l\u00e9p\u00e9s v\u00e9glegesen t\u00f6rli az aktu\u00e1lis WordPress oldalt \u00e9s annak \u00f6sszes tartalm\u00e1t. <\/p>\n\n\n\n<p><strong>FONTOS:<\/strong> <strong>Ez egy v\u00e9gleges t\u00f6rl\u00e9s, a kor\u00e1bbi \u00e1llapot nem lesz vissza\u00e1ll\u00edthat\u00f3. <\/strong><br><br>Ezut\u00e1n ki tudod v\u00e1lasztani, hogy <strong>AI asszisztens<\/strong>sel, <strong>Woocommerce<\/strong>-szel vagy klasszikus, <strong>tiszta WordPress<\/strong>-szel szeretn\u00e9d telep\u00edteni a WordPress-t az automatikus \u00fajratelep\u00edt\u00e9s r\u00e9szek\u00e9nt.<br>Az \u00fajratelep\u00edt\u00e9s sor\u00e1n \u00faj bejelentkez\u00e9si adatokat is meg kell adnod, majd a <strong>WordPress \u00fajratelep\u00edt\u00e9se<\/strong> gombra kattintva tudod elind\u00edtani a folyamatot.<\/p>\n\n\n\n<figure class=\"wp-block-image size-full\"><img loading=\"lazy\" decoding=\"async\" width=\"496\" height=\"565\" src=\"https:\/\/www.websupport.hu\/tamogatas\/app\/uploads\/sites\/3\/2026\/04\/15.png\" alt=\"\" class=\"wp-image-10050\" srcset=\"https:\/\/www.websupport.hu\/tamogatas\/app\/uploads\/sites\/3\/2026\/04\/15.png 496w, https:\/\/www.websupport.hu\/tamogatas\/app\/uploads\/sites\/3\/2026\/04\/15-400x456.png 400w, https:\/\/www.websupport.hu\/tamogatas\/app\/uploads\/sites\/3\/2026\/04\/15-44x50.png 44w, https:\/\/www.websupport.hu\/tamogatas\/app\/uploads\/sites\/3\/2026\/04\/15-53x60.png 53w, https:\/\/www.websupport.hu\/tamogatas\/app\/uploads\/sites\/3\/2026\/04\/15-88x100.png 88w\" sizes=\"auto, (max-width: 496px) 100vw, 496px\" \/><\/figure>\n","protected":false},"excerpt":{"rendered":"<p>Ha szeretn\u00e9d el\u0151lr\u0151l kezdeni \u00e9s vissza\u00e1ll\u00edtan\u00e1d az oldalad az alap\u00e9rtelmezett, \u00fcres WordPress oldalra, fontos tudnod, hogy minden addig felt\u00f6lt\u00f6tt tartalom automatikusan t\u00f6rl\u00e9sre ker\u00fcl az \u00fajratelep\u00edt\u00e9s sor\u00e1n. Mi a teend\u0151, ha a domainem standard konfigur\u00e1ci\u00f3k\u00e9nt (web+mail) van felv\u00e9ve a t\u00e1rhelyre? Mi a teend\u0151, ha a domainemet WordPress telep\u00edt\u00e9ssel (+AI asszisztens) rendeltem&#8230;<\/p>\n","protected":false},"author":19,"template":"","format":"standard","meta":{"footnotes":""},"ht-kb-category":[108,94],"ht-kb-tag":[2510,2601,2604,1443,2598],"class_list":["post-10044","ht_kb","type-ht_kb","status-publish","format-standard","hentry","ht_kb_category-cms-tartalomkezelo-rendszerek","ht_kb_category-the-hosting","ht_kb_tag-ai","ht_kb_tag-reinstall","ht_kb_tag-ujratelepites","ht_kb_tag-wordpress","ht_kb_tag-wordpressai-2"],"yoast_head":"<!-- This site is optimized with the Yoast SEO plugin v27.4 - https:\/\/yoast.com\/product\/yoast-seo-wordpress\/ -->\n<title>A WordPress \u00fajratelep\u00edt\u00e9se - Websupport Tud\u00e1sb\u00e1zis<\/title>\n<meta name=\"robots\" content=\"index, follow, max-snippet:-1, max-image-preview:large, max-video-preview:-1\" \/>\n<link rel=\"canonical\" href=\"https:\/\/www.websupport.hu\/tamogatas\/kb\/a-wordpress-ujratelepitese\/\" \/>\n<meta property=\"og:locale\" content=\"hu_HU\" \/>\n<meta property=\"og:type\" content=\"article\" \/>\n<meta property=\"og:title\" content=\"A WordPress \u00fajratelep\u00edt\u00e9se - Websupport Tud\u00e1sb\u00e1zis\" \/>\n<meta property=\"og:description\" content=\"Ha szeretn\u00e9d el\u0151lr\u0151l kezdeni \u00e9s vissza\u00e1ll\u00edtan\u00e1d az oldalad az alap\u00e9rtelmezett, \u00fcres WordPress oldalra, fontos tudnod, hogy minden addig felt\u00f6lt\u00f6tt tartalom automatikusan t\u00f6rl\u00e9sre ker\u00fcl az \u00fajratelep\u00edt\u00e9s sor\u00e1n. Mi a teend\u0151, ha a domainem standard konfigur\u00e1ci\u00f3k\u00e9nt (web+mail) van felv\u00e9ve a t\u00e1rhelyre? Mi a teend\u0151, ha a domainemet WordPress telep\u00edt\u00e9ssel (+AI asszisztens) rendeltem...\" \/>\n<meta property=\"og:url\" content=\"https:\/\/www.websupport.hu\/tamogatas\/kb\/a-wordpress-ujratelepitese\/\" \/>\n<meta property=\"og:site_name\" content=\"Websupport Tud\u00e1sb\u00e1zis\" \/>\n<meta property=\"article:modified_time\" content=\"2026-04-21T09:12:40+00:00\" \/>\n<meta property=\"og:image\" content=\"https:\/\/www.websupport.hu\/tamogatas\/app\/uploads\/sites\/3\/2026\/04\/14.png\" \/>\n\t<meta property=\"og:image:width\" content=\"903\" \/>\n\t<meta property=\"og:image:height\" content=\"291\" \/>\n\t<meta property=\"og:image:type\" content=\"image\/png\" \/>\n<meta name=\"twitter:card\" content=\"summary_large_image\" \/>\n<meta name=\"twitter:label1\" content=\"Est. reading time\" \/>\n\t<meta name=\"twitter:data1\" content=\"3 perc\" \/>\n<script type=\"application\/ld+json\" class=\"yoast-schema-graph\">{\"@context\":\"https:\\\/\\\/schema.org\",\"@graph\":[{\"@type\":\"WebPage\",\"@id\":\"https:\\\/\\\/www.websupport.hu\\\/tamogatas\\\/kb\\\/a-wordpress-ujratelepitese\\\/\",\"url\":\"https:\\\/\\\/www.websupport.hu\\\/tamogatas\\\/kb\\\/a-wordpress-ujratelepitese\\\/\",\"name\":\"A WordPress \u00fajratelep\u00edt\u00e9se - Websupport Tud\u00e1sb\u00e1zis\",\"isPartOf\":{\"@id\":\"https:\\\/\\\/www.websupport.hu\\\/tamogatas\\\/#website\"},\"primaryImageOfPage\":{\"@id\":\"https:\\\/\\\/www.websupport.hu\\\/tamogatas\\\/kb\\\/a-wordpress-ujratelepitese\\\/#primaryimage\"},\"image\":{\"@id\":\"https:\\\/\\\/www.websupport.hu\\\/tamogatas\\\/kb\\\/a-wordpress-ujratelepitese\\\/#primaryimage\"},\"thumbnailUrl\":\"https:\\\/\\\/www.websupport.hu\\\/tamogatas\\\/app\\\/uploads\\\/sites\\\/3\\\/2026\\\/04\\\/14-762x246.png\",\"datePublished\":\"2026-04-21T09:12:38+00:00\",\"dateModified\":\"2026-04-21T09:12:40+00:00\",\"breadcrumb\":{\"@id\":\"https:\\\/\\\/www.websupport.hu\\\/tamogatas\\\/kb\\\/a-wordpress-ujratelepitese\\\/#breadcrumb\"},\"inLanguage\":\"hu\",\"potentialAction\":[{\"@type\":\"ReadAction\",\"target\":[\"https:\\\/\\\/www.websupport.hu\\\/tamogatas\\\/kb\\\/a-wordpress-ujratelepitese\\\/\"]}]},{\"@type\":\"ImageObject\",\"inLanguage\":\"hu\",\"@id\":\"https:\\\/\\\/www.websupport.hu\\\/tamogatas\\\/kb\\\/a-wordpress-ujratelepitese\\\/#primaryimage\",\"url\":\"https:\\\/\\\/www.websupport.hu\\\/tamogatas\\\/app\\\/uploads\\\/sites\\\/3\\\/2026\\\/04\\\/14.png\",\"contentUrl\":\"https:\\\/\\\/www.websupport.hu\\\/tamogatas\\\/app\\\/uploads\\\/sites\\\/3\\\/2026\\\/04\\\/14.png\",\"width\":903,\"height\":291},{\"@type\":\"BreadcrumbList\",\"@id\":\"https:\\\/\\\/www.websupport.hu\\\/tamogatas\\\/kb\\\/a-wordpress-ujratelepitese\\\/#breadcrumb\",\"itemListElement\":[{\"@type\":\"ListItem\",\"position\":1,\"name\":\"Home\",\"item\":\"https:\\\/\\\/www.websupport.hu\\\/tamogatas\\\/\"},{\"@type\":\"ListItem\",\"position\":2,\"name\":\"A WordPress \u00fajratelep\u00edt\u00e9se\"}]},{\"@type\":\"WebSite\",\"@id\":\"https:\\\/\\\/www.websupport.hu\\\/tamogatas\\\/#website\",\"url\":\"https:\\\/\\\/www.websupport.hu\\\/tamogatas\\\/\",\"name\":\"Websupport Tud\u00e1sb\u00e1zis\",\"description\":\"\",\"potentialAction\":[{\"@type\":\"SearchAction\",\"target\":{\"@type\":\"EntryPoint\",\"urlTemplate\":\"https:\\\/\\\/www.websupport.hu\\\/tamogatas\\\/?s={search_term_string}\"},\"query-input\":{\"@type\":\"PropertyValueSpecification\",\"valueRequired\":true,\"valueName\":\"search_term_string\"}}],\"inLanguage\":\"hu\"}]}<\/script>\n<!-- \/ Yoast SEO plugin. -->","yoast_head_json":{"title":"A WordPress \u00fajratelep\u00edt\u00e9se - Websupport Tud\u00e1sb\u00e1zis","robots":{"index":"index","follow":"follow","max-snippet":"max-snippet:-1","max-image-preview":"max-image-preview:large","max-video-preview":"max-video-preview:-1"},"canonical":"https:\/\/www.websupport.hu\/tamogatas\/kb\/a-wordpress-ujratelepitese\/","og_locale":"hu_HU","og_type":"article","og_title":"A WordPress \u00fajratelep\u00edt\u00e9se - Websupport Tud\u00e1sb\u00e1zis","og_description":"Ha szeretn\u00e9d el\u0151lr\u0151l kezdeni \u00e9s vissza\u00e1ll\u00edtan\u00e1d az oldalad az alap\u00e9rtelmezett, \u00fcres WordPress oldalra, fontos tudnod, hogy minden addig felt\u00f6lt\u00f6tt tartalom automatikusan t\u00f6rl\u00e9sre ker\u00fcl az \u00fajratelep\u00edt\u00e9s sor\u00e1n. Mi a teend\u0151, ha a domainem standard konfigur\u00e1ci\u00f3k\u00e9nt (web+mail) van felv\u00e9ve a t\u00e1rhelyre? Mi a teend\u0151, ha a domainemet WordPress telep\u00edt\u00e9ssel (+AI asszisztens) rendeltem...","og_url":"https:\/\/www.websupport.hu\/tamogatas\/kb\/a-wordpress-ujratelepitese\/","og_site_name":"Websupport Tud\u00e1sb\u00e1zis","article_modified_time":"2026-04-21T09:12:40+00:00","og_image":[{"width":903,"height":291,"url":"https:\/\/www.websupport.hu\/tamogatas\/app\/uploads\/sites\/3\/2026\/04\/14.png","type":"image\/png"}],"twitter_card":"summary_large_image","twitter_misc":{"Est. reading time":"3 perc"},"schema":{"@context":"https:\/\/schema.org","@graph":[{"@type":"WebPage","@id":"https:\/\/www.websupport.hu\/tamogatas\/kb\/a-wordpress-ujratelepitese\/","url":"https:\/\/www.websupport.hu\/tamogatas\/kb\/a-wordpress-ujratelepitese\/","name":"A WordPress \u00fajratelep\u00edt\u00e9se - Websupport Tud\u00e1sb\u00e1zis","isPartOf":{"@id":"https:\/\/www.websupport.hu\/tamogatas\/#website"},"primaryImageOfPage":{"@id":"https:\/\/www.websupport.hu\/tamogatas\/kb\/a-wordpress-ujratelepitese\/#primaryimage"},"image":{"@id":"https:\/\/www.websupport.hu\/tamogatas\/kb\/a-wordpress-ujratelepitese\/#primaryimage"},"thumbnailUrl":"https:\/\/www.websupport.hu\/tamogatas\/app\/uploads\/sites\/3\/2026\/04\/14-762x246.png","datePublished":"2026-04-21T09:12:38+00:00","dateModified":"2026-04-21T09:12:40+00:00","breadcrumb":{"@id":"https:\/\/www.websupport.hu\/tamogatas\/kb\/a-wordpress-ujratelepitese\/#breadcrumb"},"inLanguage":"hu","potentialAction":[{"@type":"ReadAction","target":["https:\/\/www.websupport.hu\/tamogatas\/kb\/a-wordpress-ujratelepitese\/"]}]},{"@type":"ImageObject","inLanguage":"hu","@id":"https:\/\/www.websupport.hu\/tamogatas\/kb\/a-wordpress-ujratelepitese\/#primaryimage","url":"https:\/\/www.websupport.hu\/tamogatas\/app\/uploads\/sites\/3\/2026\/04\/14.png","contentUrl":"https:\/\/www.websupport.hu\/tamogatas\/app\/uploads\/sites\/3\/2026\/04\/14.png","width":903,"height":291},{"@type":"BreadcrumbList","@id":"https:\/\/www.websupport.hu\/tamogatas\/kb\/a-wordpress-ujratelepitese\/#breadcrumb","itemListElement":[{"@type":"ListItem","position":1,"name":"Home","item":"https:\/\/www.websupport.hu\/tamogatas\/"},{"@type":"ListItem","position":2,"name":"A WordPress \u00fajratelep\u00edt\u00e9se"}]},{"@type":"WebSite","@id":"https:\/\/www.websupport.hu\/tamogatas\/#website","url":"https:\/\/www.websupport.hu\/tamogatas\/","name":"Websupport Tud\u00e1sb\u00e1zis","description":"","potentialAction":[{"@type":"SearchAction","target":{"@type":"EntryPoint","urlTemplate":"https:\/\/www.websupport.hu\/tamogatas\/?s={search_term_string}"},"query-input":{"@type":"PropertyValueSpecification","valueRequired":true,"valueName":"search_term_string"}}],"inLanguage":"hu"}]}},"_links":{"self":[{"href":"https:\/\/www.websupport.hu\/tamogatas\/wp-json\/wp\/v2\/ht-kb\/10044","targetHints":{"allow":["GET"]}}],"collection":[{"href":"https:\/\/www.websupport.hu\/tamogatas\/wp-json\/wp\/v2\/ht-kb"}],"about":[{"href":"https:\/\/www.websupport.hu\/tamogatas\/wp-json\/wp\/v2\/types\/ht_kb"}],"author":[{"embeddable":true,"href":"https:\/\/www.websupport.hu\/tamogatas\/wp-json\/wp\/v2\/users\/19"}],"version-history":[{"count":1,"href":"https:\/\/www.websupport.hu\/tamogatas\/wp-json\/wp\/v2\/ht-kb\/10044\/revisions"}],"predecessor-version":[{"id":10053,"href":"https:\/\/www.websupport.hu\/tamogatas\/wp-json\/wp\/v2\/ht-kb\/10044\/revisions\/10053"}],"wp:attachment":[{"href":"https:\/\/www.websupport.hu\/tamogatas\/wp-json\/wp\/v2\/media?parent=10044"}],"wp:term":[{"taxonomy":"ht_kb_category","embeddable":true,"href":"https:\/\/www.websupport.hu\/tamogatas\/wp-json\/wp\/v2\/ht-kb-category?post=10044"},{"taxonomy":"ht_kb_tag","embeddable":true,"href":"https:\/\/www.websupport.hu\/tamogatas\/wp-json\/wp\/v2\/ht-kb-tag?post=10044"}],"curies":[{"name":"wp","href":"https:\/\/api.w.org\/{rel}","templated":true}]}}