{"id":9816,"date":"2026-02-24T11:18:19","date_gmt":"2026-02-24T10:18:19","guid":{"rendered":"https:\/\/www.websupport.hu\/tamogatas\/?post_type=ht_kb&#038;p=9816"},"modified":"2026-02-24T11:18:21","modified_gmt":"2026-02-24T10:18:21","slug":"businessmail-es-levelezes-migralasa-osztott-tarhelyre","status":"publish","type":"ht_kb","link":"https:\/\/www.websupport.hu\/tamogatas\/kb\/businessmail-es-levelezes-migralasa-osztott-tarhelyre\/","title":{"rendered":"BusinessMail-es levelez\u00e9s migr\u00e1l\u00e1sa osztott t\u00e1rhelyre"},"content":{"rendered":"\n<p>Ha megrendelted a BusinessMail szolg\u00e1ltat\u00e1st, de meggondoltad magad vagy nem felel meg az elk\u00e9pzel\u00e9seidnek, lehet\u0151s\u00e9get biztos\u00edtunk a levelez\u00e9s \u00e1tk\u00f6lt\u00f6ztet\u00e9s\u00e9re osztott t\u00e1rhely al\u00e1 k\u00f6zvetlen\u00fcl a <a href=\"http:\/\/admin.websupport.hu\">webadmin<\/a> fel\u00fcleten kereszt\u00fcl.<\/p>\n\n\n\n<p>A migr\u00e1l\u00e1s sor\u00e1n k\u00f6vesd az al\u00e1bbiakban r\u00e9szletezett l\u00e9p\u00e9seket.<\/p>\n\n\n\n<p class=\"has-background\" style=\"background-color:#edcece\">A l\u00e9p\u00e9sekkel pontosan, sorrendben sz\u00fcks\u00e9ges haladnod, mivel a migr\u00e1l\u00e1s ut\u00e1n m\u00e1r nem f\u00e9rsz majd hozz\u00e1 a BusinessMail-es postafi\u00f3kodban a n\u00e9vjegyekhez \u00e9s a napt\u00e1rhoz. Emiatt el\u0151sz\u00f6r az els\u0151 l\u00e9p\u00e9st sz\u00fcks\u00e9ges elv\u00e9gezned.<\/p>\n\n\n\n<p>A folyamat sor\u00e1n a BusinessMail szolg\u00e1ltat\u00e1s \u00f6sszes e-mail fi\u00f3kja automatikusan migr\u00e1l\u00e1sra ker\u00fcl az osztott t\u00e1rhelyre. A postafi\u00f3kok migr\u00e1l\u00e1sa ut\u00e1n a BusinessMail szolg\u00e1ltat\u00e1s automatikusan t\u00f6rl\u00e9sre ker\u00fcl. A m\u00e1r felesleges fi\u00f3kokat egyes\u00e9vel tudod majd t\u00f6r\u00f6lni a <a href=\"http:\/\/admin.websupport.hu\">webadmin<\/a> fel\u00fcleten.<\/p>\n\n\n\n<p>A sikeres migr\u00e1l\u00e1s felt\u00e9telei az al\u00e1bbiak: <\/p>\n\n\n\n<ul class=\"wp-block-list\">\n<li>A migr\u00e1l\u00e1s csak azon a fi\u00f3kon bel\u00fcl v\u00e9gezhet\u0151 el, ahol a BusinessMail szolg\u00e1ltat\u00e1s is van (vagyis a levelez\u00e9s nem k\u00f6lt\u00f6ztethet\u0151 \u00e1t m\u00e1sik felhaszn\u00e1l\u00f3i fi\u00f3k al\u00e1 vagy ugyanazon fi\u00f3k alatt tal\u00e1lhat\u00f3 m\u00e1sik domain al\u00e1).<\/li>\n\n\n\n<li>A fi\u00f3k alatt l\u00e9teznie kell egy akt\u00edv t\u00e1rhelyszolg\u00e1ltat\u00e1snak a hozz\u00e1rendelt domainnel.<\/li>\n<\/ul>\n\n\n\n<p>A BusinessMail \u00e1ltal t\u00e1mogatott, de az osztott t\u00e1rhelyen nem t\u00e1mogatott funkci\u00f3k m\u00e1r nem lesznek el\u00e9rhet\u0151ek a migr\u00e1l\u00e1st k\u00f6vet\u0151en. Az al\u00e1bbi funkci\u00f3k \u00e9rintettek:<\/p>\n\n\n\n<ul class=\"wp-block-list\">\n<li>A DocumentsOnline r\u00e9sz\u00e9t k\u00e9pez\u0151 dokumentumok<\/li>\n\n\n\n<li>A tervezett vide\u00f3konferencia megbesz\u00e9l\u00e9sek, illetve a kor\u00e1bbiak felv\u00e9telei<\/li>\n\n\n\n<li>Jegyzetek<\/li>\n\n\n\n<li>Feladatok<\/li>\n\n\n\n<li>TeamChat szob\u00e1k \u00e9s az \u00f6sszes kor\u00e1bbi besz\u00e9lget\u00e9s<\/li>\n<\/ul>\n\n\n\n<p class=\"has-medium-font-size\"><strong>1. A n\u00e9vjegyek \u00e9s a napt\u00e1r export\u00e1l\u00e1sa BusinessMail-b\u0151l<\/strong><\/p>\n\n\n\n<p>Ha \u00fagy d\u00f6nt\u00f6tt\u00e9l, hogy \u00e1tk\u00f6lt\u00f6zteted a levelez\u00e9sedet a BusinessMail szolg\u00e1ltat\u00e1sr\u00f3l t\u00e1rhelyedre, az els\u0151 l\u00e9p\u00e9s a napt\u00e1rak \u00e9s a n\u00e9vjegyek biztons\u00e1gi ment\u00e9se. Ezeket egyes\u00e9vel tudod export\u00e1lni a <a href=\"http:\/\/mail.websupport.hu\">mail.websupport.hu<\/a> (BusinessMail) fel\u00fcleten kereszt\u00fcl minden fi\u00f3k alatt. Mentsd el a lementett f\u00e1jlokat, majd a sikeres migr\u00e1l\u00e1s ut\u00e1n tudod import\u00e1lni a ment\u00e9seket szint\u00e9n a <a href=\"http:\/\/mail.websupport.hu\">mail.websupport.hu<\/a> (Roundcube) fel\u00fcleten kereszt\u00fcl. (A BusinessMail \u00e9s az osztott t\u00e1rhelyes levelez\u00e9s haszn\u00e1latakor az URL megegyezik, de ez ne t\u00e9vesszen meg, bel\u00e9p\u00e9s ut\u00e1n a szolg\u00e1ltat\u00e1snak megfelel\u0151 fel\u00fcletre ir\u00e1ny\u00edt a rendszer.)<\/p>\n\n\n\n<p><strong>A n\u00e9vjegyek export\u00e1l\u00e1sa<\/strong><\/p>\n\n\n\n<ol class=\"wp-block-list\">\n<li>Jelentkezz be a <a href=\"http:\/\/mail.websupport.hu\">mail.websupport.hu<\/a> fel\u00fcletre azzal az e-mail c\u00edmmel, ami alatt export\u00e1lni szeretn\u00e9d a n\u00e9vjegyeket.<\/li>\n\n\n\n<li>Kattints a k\u00e9perny\u0151 jobb oldal\u00e1n l\u00e1that\u00f3 <strong>N\u00e9vjegyalbum<\/strong> ikonra.<\/li>\n\n\n\n<li>Kattints a fels\u0151 men\u00fcs\u00e1vban l\u00e1that\u00f3 <strong>Tov\u00e1bbi (&#8230;)<\/strong> gombra.<\/li>\n\n\n\n<li>V\u00e1laszd a leny\u00edl\u00f3 men\u00fc <strong>Tov\u00e1bbi be\u00e1ll\u00edt\u00e1sok \/ Mappa export\u00e1l\u00e1sa<\/strong> men\u00fcpontj\u00e1t.<\/li>\n\n\n\n<li>A .vcf form\u00e1tum\u00fa f\u00e1jl automatikusan ment\u00e9sre ker\u00fcl a sz\u00e1m\u00edt\u00f3g\u00e9pedre.<\/li>\n<\/ol>\n\n\n\n<figure class=\"wp-block-image size-large\"><img loading=\"lazy\" decoding=\"async\" width=\"762\" height=\"432\" src=\"https:\/\/www.websupport.hu\/tamogatas\/app\/uploads\/sites\/3\/2026\/02\/nevjegy-762x432.png\" alt=\"\" class=\"wp-image-9819\" srcset=\"https:\/\/www.websupport.hu\/tamogatas\/app\/uploads\/sites\/3\/2026\/02\/nevjegy-762x432.png 762w, https:\/\/www.websupport.hu\/tamogatas\/app\/uploads\/sites\/3\/2026\/02\/nevjegy-400x227.png 400w, https:\/\/www.websupport.hu\/tamogatas\/app\/uploads\/sites\/3\/2026\/02\/nevjegy-768x436.png 768w, https:\/\/www.websupport.hu\/tamogatas\/app\/uploads\/sites\/3\/2026\/02\/nevjegy-50x28.png 50w, https:\/\/www.websupport.hu\/tamogatas\/app\/uploads\/sites\/3\/2026\/02\/nevjegy-60x34.png 60w, https:\/\/www.websupport.hu\/tamogatas\/app\/uploads\/sites\/3\/2026\/02\/nevjegy-100x57.png 100w, https:\/\/www.websupport.hu\/tamogatas\/app\/uploads\/sites\/3\/2026\/02\/nevjegy.png 1429w\" sizes=\"auto, (max-width: 762px) 100vw, 762px\" \/><\/figure>\n\n\n\n<p><strong>A napt\u00e1r export\u00e1l\u00e1sa<\/strong><\/p>\n\n\n\n<ol class=\"wp-block-list\">\n<li>Jelentkezz be a <a href=\"http:\/\/mail.websupport.hu\">mail.websupport.hu<\/a> fel\u00fcletre azzal az e-mail c\u00edmmel, ami alatt export\u00e1lni szeretn\u00e9d a napt\u00e1rakat.<\/li>\n\n\n\n<li>Kattints a k\u00e9perny\u0151 jobb oldal\u00e1n l\u00e1that\u00f3 <strong>Napt\u00e1r <\/strong>ikonra.<\/li>\n\n\n\n<li>Kattints a fels\u0151 men\u00fcs\u00e1vban l\u00e1that\u00f3 <strong>Tov\u00e1bbi (&#8230;)<\/strong> gombra.<\/li>\n\n\n\n<li>V\u00e1laszd a leny\u00edl\u00f3 men\u00fc <strong>Tov\u00e1bbi be\u00e1ll\u00edt\u00e1sok \/ Mappa export\u00e1l\u00e1sa<\/strong> men\u00fcpontj\u00e1t.<\/li>\n\n\n\n<li>A .ics form\u00e1tum\u00fa f\u00e1jl automatikusan ment\u00e9sre ker\u00fcl a sz\u00e1m\u00edt\u00f3g\u00e9pedre.<\/li>\n\n\n\n<li><strong>Minden napt\u00e1rat k\u00fcl\u00f6n, egyes\u00e9vel kell export\u00e1lnod!<\/strong><\/li>\n<\/ol>\n\n\n\n<figure class=\"wp-block-image size-large\"><img loading=\"lazy\" decoding=\"async\" width=\"762\" height=\"450\" src=\"https:\/\/www.websupport.hu\/tamogatas\/app\/uploads\/sites\/3\/2026\/02\/naptar-762x450.png\" alt=\"\" class=\"wp-image-9822\" srcset=\"https:\/\/www.websupport.hu\/tamogatas\/app\/uploads\/sites\/3\/2026\/02\/naptar-762x450.png 762w, https:\/\/www.websupport.hu\/tamogatas\/app\/uploads\/sites\/3\/2026\/02\/naptar-400x236.png 400w, https:\/\/www.websupport.hu\/tamogatas\/app\/uploads\/sites\/3\/2026\/02\/naptar-768x453.png 768w, https:\/\/www.websupport.hu\/tamogatas\/app\/uploads\/sites\/3\/2026\/02\/naptar-50x30.png 50w, https:\/\/www.websupport.hu\/tamogatas\/app\/uploads\/sites\/3\/2026\/02\/naptar-60x35.png 60w, https:\/\/www.websupport.hu\/tamogatas\/app\/uploads\/sites\/3\/2026\/02\/naptar-100x59.png 100w, https:\/\/www.websupport.hu\/tamogatas\/app\/uploads\/sites\/3\/2026\/02\/naptar.png 1369w\" sizes=\"auto, (max-width: 762px) 100vw, 762px\" \/><\/figure>\n\n\n\n<p class=\"has-medium-font-size\"><strong>2. Migr\u00e1l\u00e1s a t\u00e1rhelyre<\/strong><\/p>\n\n\n\n<p>Ha a fi\u00f3kod alatt van m\u00e1r akt\u00edv t\u00e1rhelyszolg\u00e1ltat\u00e1s, amelyhez a domaint hozz\u00e1rendelted \u00e9s a biztons\u00e1gi ment\u00e9seket is elk\u00e9sz\u00edtetted, minden k\u00e9szen \u00e1ll a migr\u00e1l\u00e1sra.<\/p>\n\n\n\n<p>Ne agg\u00f3dj, a migr\u00e1l\u00e1s sor\u00e1n be\u00e9rkez\u0151 e-maileket sem vesz\u00edted el, minden megfelel\u0151en szinkroniz\u00e1l\u00e1sra ker\u00fcl az els\u0151 bejelentkez\u00e9skor a <a href=\"http:\/\/mail.websupport.hu\">webmail<\/a> fel\u00fcleten.<\/p>\n\n\n\n<p>A k\u00f6lt\u00f6ztet\u00e9st a <a href=\"http:\/\/mail.websupport.hu\">webadmin<\/a> fel\u00fcleten kereszt\u00fcl tudod elv\u00e9gezni az al\u00e1bbi l\u00e9p\u00e9sekben:<\/p>\n\n\n\n<ol class=\"wp-block-list\">\n<li>A <strong>Szolg\u00e1ltat\u00e1sok <\/strong>f\u0151men\u00fc alatt kattints a <strong>BusinessMail<\/strong>-re.<\/li>\n\n\n\n<li>A bal oldali men\u00fcoszlopban v\u00e1laszd a <strong>BusinessMail <\/strong>men\u00fcpont alatt l\u00e1that\u00f3 <strong>Szolg\u00e1ltat\u00e1s be\u00e1ll\u00edt\u00e1sai <\/strong>opci\u00f3t.<\/li>\n\n\n\n<li>G\u00f6rgess a lap alj\u00e1ra \u00e9s klikkelj a piros sz\u00edn\u0171 <strong>Migr\u00e1l\u00e1s <\/strong>gombra.<\/li>\n\n\n\n<li>A megjelen\u0151 ablakban er\u0151s\u00edtsd meg a domain neved be\u00edr\u00e1s\u00e1val, hogy biztosan szeretn\u00e9d elind\u00edtani a folyamatot.<\/li>\n<\/ol>\n\n\n\n<figure class=\"wp-block-image size-full\"><img loading=\"lazy\" decoding=\"async\" width=\"261\" height=\"652\" src=\"https:\/\/www.websupport.hu\/tamogatas\/app\/uploads\/sites\/3\/2026\/02\/bm.png\" alt=\"\" class=\"wp-image-9825\" srcset=\"https:\/\/www.websupport.hu\/tamogatas\/app\/uploads\/sites\/3\/2026\/02\/bm.png 261w, https:\/\/www.websupport.hu\/tamogatas\/app\/uploads\/sites\/3\/2026\/02\/bm-20x50.png 20w, https:\/\/www.websupport.hu\/tamogatas\/app\/uploads\/sites\/3\/2026\/02\/bm-24x60.png 24w, https:\/\/www.websupport.hu\/tamogatas\/app\/uploads\/sites\/3\/2026\/02\/bm-40x100.png 40w\" sizes=\"auto, (max-width: 261px) 100vw, 261px\" \/><\/figure>\n\n\n\n<ol class=\"wp-block-list\"><\/ol>\n\n\n\n<figure class=\"wp-block-image size-large\"><img loading=\"lazy\" decoding=\"async\" width=\"762\" height=\"361\" src=\"https:\/\/www.websupport.hu\/tamogatas\/app\/uploads\/sites\/3\/2026\/02\/migralas-762x361.png\" alt=\"\" class=\"wp-image-9828\" srcset=\"https:\/\/www.websupport.hu\/tamogatas\/app\/uploads\/sites\/3\/2026\/02\/migralas-762x361.png 762w, https:\/\/www.websupport.hu\/tamogatas\/app\/uploads\/sites\/3\/2026\/02\/migralas-400x190.png 400w, https:\/\/www.websupport.hu\/tamogatas\/app\/uploads\/sites\/3\/2026\/02\/migralas-768x364.png 768w, https:\/\/www.websupport.hu\/tamogatas\/app\/uploads\/sites\/3\/2026\/02\/migralas-50x24.png 50w, https:\/\/www.websupport.hu\/tamogatas\/app\/uploads\/sites\/3\/2026\/02\/migralas-60x28.png 60w, https:\/\/www.websupport.hu\/tamogatas\/app\/uploads\/sites\/3\/2026\/02\/migralas-100x47.png 100w, https:\/\/www.websupport.hu\/tamogatas\/app\/uploads\/sites\/3\/2026\/02\/migralas.png 1414w\" sizes=\"auto, (max-width: 762px) 100vw, 762px\" \/><\/figure>\n\n\n\n<p><\/p>\n\n\n\n<ol class=\"wp-block-list\"><\/ol>\n\n\n\n<p>Amint a migr\u00e1ci\u00f3 befejez\u0151d\u00f6tt, egy e-mailes \u00e9rtes\u00edt\u00e9st fogsz kapni a sikeres k\u00f6lt\u00f6ztet\u00e9sr\u0151l.<\/p>\n\n\n\n<p>A postafi\u00f3kok jelszavai nem v\u00e1ltoznak. A <a href=\"http:\/\/mail.websupport.hu\">mail.websupport.hu<\/a> fel\u00fcletre ugyanazokkal az adatokkal tudsz bel\u00e9pni a migr\u00e1l\u00e1s ut\u00e1n, mint kor\u00e1bban. <\/p>\n\n\n\n<p class=\"has-medium-font-size\"><strong>3. A n\u00e9vjegyek \u00e9s a napt\u00e1rak import\u00e1l\u00e1sa a webmail kliensben<\/strong><\/p>\n\n\n\n<p><strong>N\u00e9vjegyek import\u00e1l\u00e1sa<\/strong><\/p>\n\n\n\n<ol class=\"wp-block-list\">\n<li>Jelentkezz be e-mail fi\u00f3kodba a <a href=\"http:\/\/mail.websupport.hu\">Roundcube<\/a> fel\u00fclet\u00e9n.<\/li>\n\n\n\n<li>A bal oldali men\u00fcoszlopban kattints a <strong>Kapcsolatok <\/strong>ikonra.<\/li>\n\n\n\n<li>A jobb fels\u0151 sarokban kattints az <strong>Import\u00e1l\u00e1s <\/strong>gombra.<\/li>\n\n\n\n<li>V\u00e1laszd ki g\u00e9peden az import\u00e1lni k\u00edv\u00e1nt f\u00e1jlt, majd er\u0151s\u00edtsd meg a folyamatot.<\/li>\n<\/ol>\n\n\n\n<p>A n\u00e9vjegyek import\u00e1l\u00e1sa ut\u00e1n a kor\u00e1bbi n\u00e9vjegyeid a <strong>Kapcsolatok <\/strong>men\u00fcpontban lesznek el\u00e9rhet\u0151ek.<\/p>\n\n\n\n<p><strong>Napt\u00e1rak import\u00e1l\u00e1sa<\/strong><\/p>\n\n\n\n<ol class=\"wp-block-list\">\n<li>Jelentkezz be e-mail fi\u00f3kodba a <a href=\"http:\/\/mail.websupport.hu\">Roundcube<\/a> fel\u00fclet\u00e9n.<\/li>\n\n\n\n<li>Ha t\u00f6bb napt\u00e1rat is szeretn\u00e9l import\u00e1lni, el\u0151sz\u00f6r l\u00e9tre kell hoznod azokat az \u00faj fel\u00fcleten:<br>&#8211; A bal oldali men\u00fcoszlopban kattints a <strong>Napt\u00e1r <\/strong>ikonra.<br>&#8211; A fels\u0151 men\u00fcs\u00e1vban kattints a h\u00e1rom pontos ikonra <strong>(&#8230;)<\/strong> , majd a leny\u00edl\u00f3 men\u00fc <strong>Napt\u00e1r hozz\u00e1ad\u00e1sa<\/strong> men\u00fcpontj\u00e1ra.<\/li>\n\n\n\n<li>A bal oldali men\u00fcoszlopban kattints a <strong>Napt\u00e1r <\/strong>ikonra.<\/li>\n\n\n\n<li>A jobb fels\u0151 sarokban kattints az <strong>Import\u00e1l\u00e1s <\/strong>gombra.<\/li>\n\n\n\n<li>V\u00e1laszd ki g\u00e9peden az import\u00e1lni k\u00edv\u00e1nt f\u00e1jlt, majd er\u0151s\u00edtsd meg a folyamatot.<\/li>\n<\/ol>\n\n\n\n<p>A napt\u00e1radban szerepl\u0151 esem\u00e9nyek import\u00e1l\u00e1sra ker\u00fclnek, \u00e9s a bal oldali <strong>Napt\u00e1r <\/strong>men\u00fcponton bel\u00fcl lesznek el\u00e9rhet\u0151ek.<\/p>\n\n\n\n<p>Ha t\u00f6bb napt\u00e1rat is export\u00e1lt\u00e1l, \u00fagy azokat k\u00fcl\u00f6n-k\u00fcl\u00f6n, egyes\u00e9vel sz\u00fcks\u00e9ges import\u00e1lnod.<\/p>\n","protected":false},"excerpt":{"rendered":"<p>Ha megrendelted a BusinessMail szolg\u00e1ltat\u00e1st, de meggondoltad magad vagy nem felel meg az elk\u00e9pzel\u00e9seidnek, lehet\u0151s\u00e9get biztos\u00edtunk a levelez\u00e9s \u00e1tk\u00f6lt\u00f6ztet\u00e9s\u00e9re osztott t\u00e1rhely al\u00e1 k\u00f6zvetlen\u00fcl a webadmin fel\u00fcleten kereszt\u00fcl. A migr\u00e1l\u00e1s sor\u00e1n k\u00f6vesd az al\u00e1bbiakban r\u00e9szletezett l\u00e9p\u00e9seket. A l\u00e9p\u00e9sekkel pontosan, sorrendben sz\u00fcks\u00e9ges haladnod, mivel a migr\u00e1l\u00e1s ut\u00e1n m\u00e1r nem f\u00e9rsz majd hozz\u00e1&#8230;<\/p>\n","protected":false},"author":19,"template":"","format":"standard","meta":{"footnotes":""},"ht-kb-category":[2327],"ht-kb-tag":[2550,2016,1620,135,906],"class_list":["post-9816","ht_kb","type-ht_kb","status-publish","format-standard","hentry","ht_kb_category-business-mail","ht_kb_tag-businessmail","ht_kb_tag-email","ht_kb_tag-hosting","ht_kb_tag-koltoztetes","ht_kb_tag-migracio"],"yoast_head":"<!-- This site is optimized with the Yoast SEO plugin v27.4 - https:\/\/yoast.com\/product\/yoast-seo-wordpress\/ -->\n<title>BusinessMail-es levelez\u00e9s migr\u00e1l\u00e1sa osztott t\u00e1rhelyre - Websupport Tud\u00e1sb\u00e1zis<\/title>\n<meta name=\"robots\" content=\"index, follow, max-snippet:-1, max-image-preview:large, max-video-preview:-1\" \/>\n<link rel=\"canonical\" href=\"https:\/\/www.websupport.hu\/tamogatas\/kb\/businessmail-es-levelezes-migralasa-osztott-tarhelyre\/\" \/>\n<meta property=\"og:locale\" content=\"hu_HU\" \/>\n<meta property=\"og:type\" content=\"article\" \/>\n<meta property=\"og:title\" content=\"BusinessMail-es levelez\u00e9s migr\u00e1l\u00e1sa osztott t\u00e1rhelyre - Websupport Tud\u00e1sb\u00e1zis\" \/>\n<meta property=\"og:description\" content=\"Ha megrendelted a BusinessMail szolg\u00e1ltat\u00e1st, de meggondoltad magad vagy nem felel meg az elk\u00e9pzel\u00e9seidnek, lehet\u0151s\u00e9get biztos\u00edtunk a levelez\u00e9s \u00e1tk\u00f6lt\u00f6ztet\u00e9s\u00e9re osztott t\u00e1rhely al\u00e1 k\u00f6zvetlen\u00fcl a webadmin fel\u00fcleten kereszt\u00fcl. A migr\u00e1l\u00e1s sor\u00e1n k\u00f6vesd az al\u00e1bbiakban r\u00e9szletezett l\u00e9p\u00e9seket. A l\u00e9p\u00e9sekkel pontosan, sorrendben sz\u00fcks\u00e9ges haladnod, mivel a migr\u00e1l\u00e1s ut\u00e1n m\u00e1r nem f\u00e9rsz majd hozz\u00e1...\" \/>\n<meta property=\"og:url\" content=\"https:\/\/www.websupport.hu\/tamogatas\/kb\/businessmail-es-levelezes-migralasa-osztott-tarhelyre\/\" \/>\n<meta property=\"og:site_name\" content=\"Websupport Tud\u00e1sb\u00e1zis\" \/>\n<meta property=\"article:modified_time\" content=\"2026-02-24T10:18:21+00:00\" \/>\n<meta property=\"og:image\" content=\"https:\/\/www.websupport.hu\/tamogatas\/app\/uploads\/sites\/3\/2026\/02\/nevjegy.png\" \/>\n\t<meta property=\"og:image:width\" content=\"1429\" \/>\n\t<meta property=\"og:image:height\" content=\"811\" \/>\n\t<meta property=\"og:image:type\" content=\"image\/png\" \/>\n<meta name=\"twitter:card\" content=\"summary_large_image\" \/>\n<meta name=\"twitter:label1\" content=\"Est. reading time\" \/>\n\t<meta name=\"twitter:data1\" content=\"5 perc\" \/>\n<script type=\"application\/ld+json\" class=\"yoast-schema-graph\">{\"@context\":\"https:\\\/\\\/schema.org\",\"@graph\":[{\"@type\":\"WebPage\",\"@id\":\"https:\\\/\\\/www.websupport.hu\\\/tamogatas\\\/kb\\\/businessmail-es-levelezes-migralasa-osztott-tarhelyre\\\/\",\"url\":\"https:\\\/\\\/www.websupport.hu\\\/tamogatas\\\/kb\\\/businessmail-es-levelezes-migralasa-osztott-tarhelyre\\\/\",\"name\":\"BusinessMail-es levelez\u00e9s migr\u00e1l\u00e1sa osztott t\u00e1rhelyre - Websupport Tud\u00e1sb\u00e1zis\",\"isPartOf\":{\"@id\":\"https:\\\/\\\/www.websupport.hu\\\/tamogatas\\\/#website\"},\"primaryImageOfPage\":{\"@id\":\"https:\\\/\\\/www.websupport.hu\\\/tamogatas\\\/kb\\\/businessmail-es-levelezes-migralasa-osztott-tarhelyre\\\/#primaryimage\"},\"image\":{\"@id\":\"https:\\\/\\\/www.websupport.hu\\\/tamogatas\\\/kb\\\/businessmail-es-levelezes-migralasa-osztott-tarhelyre\\\/#primaryimage\"},\"thumbnailUrl\":\"https:\\\/\\\/www.websupport.hu\\\/tamogatas\\\/app\\\/uploads\\\/sites\\\/3\\\/2026\\\/02\\\/nevjegy-762x432.png\",\"datePublished\":\"2026-02-24T10:18:19+00:00\",\"dateModified\":\"2026-02-24T10:18:21+00:00\",\"breadcrumb\":{\"@id\":\"https:\\\/\\\/www.websupport.hu\\\/tamogatas\\\/kb\\\/businessmail-es-levelezes-migralasa-osztott-tarhelyre\\\/#breadcrumb\"},\"inLanguage\":\"hu\",\"potentialAction\":[{\"@type\":\"ReadAction\",\"target\":[\"https:\\\/\\\/www.websupport.hu\\\/tamogatas\\\/kb\\\/businessmail-es-levelezes-migralasa-osztott-tarhelyre\\\/\"]}]},{\"@type\":\"ImageObject\",\"inLanguage\":\"hu\",\"@id\":\"https:\\\/\\\/www.websupport.hu\\\/tamogatas\\\/kb\\\/businessmail-es-levelezes-migralasa-osztott-tarhelyre\\\/#primaryimage\",\"url\":\"https:\\\/\\\/www.websupport.hu\\\/tamogatas\\\/app\\\/uploads\\\/sites\\\/3\\\/2026\\\/02\\\/nevjegy.png\",\"contentUrl\":\"https:\\\/\\\/www.websupport.hu\\\/tamogatas\\\/app\\\/uploads\\\/sites\\\/3\\\/2026\\\/02\\\/nevjegy.png\",\"width\":1429,\"height\":811},{\"@type\":\"BreadcrumbList\",\"@id\":\"https:\\\/\\\/www.websupport.hu\\\/tamogatas\\\/kb\\\/businessmail-es-levelezes-migralasa-osztott-tarhelyre\\\/#breadcrumb\",\"itemListElement\":[{\"@type\":\"ListItem\",\"position\":1,\"name\":\"Home\",\"item\":\"https:\\\/\\\/www.websupport.hu\\\/tamogatas\\\/\"},{\"@type\":\"ListItem\",\"position\":2,\"name\":\"BusinessMail-es levelez\u00e9s migr\u00e1l\u00e1sa osztott t\u00e1rhelyre\"}]},{\"@type\":\"WebSite\",\"@id\":\"https:\\\/\\\/www.websupport.hu\\\/tamogatas\\\/#website\",\"url\":\"https:\\\/\\\/www.websupport.hu\\\/tamogatas\\\/\",\"name\":\"Websupport Tud\u00e1sb\u00e1zis\",\"description\":\"\",\"potentialAction\":[{\"@type\":\"SearchAction\",\"target\":{\"@type\":\"EntryPoint\",\"urlTemplate\":\"https:\\\/\\\/www.websupport.hu\\\/tamogatas\\\/?s={search_term_string}\"},\"query-input\":{\"@type\":\"PropertyValueSpecification\",\"valueRequired\":true,\"valueName\":\"search_term_string\"}}],\"inLanguage\":\"hu\"}]}<\/script>\n<!-- \/ Yoast SEO plugin. -->","yoast_head_json":{"title":"BusinessMail-es levelez\u00e9s migr\u00e1l\u00e1sa osztott t\u00e1rhelyre - Websupport Tud\u00e1sb\u00e1zis","robots":{"index":"index","follow":"follow","max-snippet":"max-snippet:-1","max-image-preview":"max-image-preview:large","max-video-preview":"max-video-preview:-1"},"canonical":"https:\/\/www.websupport.hu\/tamogatas\/kb\/businessmail-es-levelezes-migralasa-osztott-tarhelyre\/","og_locale":"hu_HU","og_type":"article","og_title":"BusinessMail-es levelez\u00e9s migr\u00e1l\u00e1sa osztott t\u00e1rhelyre - Websupport Tud\u00e1sb\u00e1zis","og_description":"Ha megrendelted a BusinessMail szolg\u00e1ltat\u00e1st, de meggondoltad magad vagy nem felel meg az elk\u00e9pzel\u00e9seidnek, lehet\u0151s\u00e9get biztos\u00edtunk a levelez\u00e9s \u00e1tk\u00f6lt\u00f6ztet\u00e9s\u00e9re osztott t\u00e1rhely al\u00e1 k\u00f6zvetlen\u00fcl a webadmin fel\u00fcleten kereszt\u00fcl. A migr\u00e1l\u00e1s sor\u00e1n k\u00f6vesd az al\u00e1bbiakban r\u00e9szletezett l\u00e9p\u00e9seket. A l\u00e9p\u00e9sekkel pontosan, sorrendben sz\u00fcks\u00e9ges haladnod, mivel a migr\u00e1l\u00e1s ut\u00e1n m\u00e1r nem f\u00e9rsz majd hozz\u00e1...","og_url":"https:\/\/www.websupport.hu\/tamogatas\/kb\/businessmail-es-levelezes-migralasa-osztott-tarhelyre\/","og_site_name":"Websupport Tud\u00e1sb\u00e1zis","article_modified_time":"2026-02-24T10:18:21+00:00","og_image":[{"width":1429,"height":811,"url":"https:\/\/www.websupport.hu\/tamogatas\/app\/uploads\/sites\/3\/2026\/02\/nevjegy.png","type":"image\/png"}],"twitter_card":"summary_large_image","twitter_misc":{"Est. reading time":"5 perc"},"schema":{"@context":"https:\/\/schema.org","@graph":[{"@type":"WebPage","@id":"https:\/\/www.websupport.hu\/tamogatas\/kb\/businessmail-es-levelezes-migralasa-osztott-tarhelyre\/","url":"https:\/\/www.websupport.hu\/tamogatas\/kb\/businessmail-es-levelezes-migralasa-osztott-tarhelyre\/","name":"BusinessMail-es levelez\u00e9s migr\u00e1l\u00e1sa osztott t\u00e1rhelyre - Websupport Tud\u00e1sb\u00e1zis","isPartOf":{"@id":"https:\/\/www.websupport.hu\/tamogatas\/#website"},"primaryImageOfPage":{"@id":"https:\/\/www.websupport.hu\/tamogatas\/kb\/businessmail-es-levelezes-migralasa-osztott-tarhelyre\/#primaryimage"},"image":{"@id":"https:\/\/www.websupport.hu\/tamogatas\/kb\/businessmail-es-levelezes-migralasa-osztott-tarhelyre\/#primaryimage"},"thumbnailUrl":"https:\/\/www.websupport.hu\/tamogatas\/app\/uploads\/sites\/3\/2026\/02\/nevjegy-762x432.png","datePublished":"2026-02-24T10:18:19+00:00","dateModified":"2026-02-24T10:18:21+00:00","breadcrumb":{"@id":"https:\/\/www.websupport.hu\/tamogatas\/kb\/businessmail-es-levelezes-migralasa-osztott-tarhelyre\/#breadcrumb"},"inLanguage":"hu","potentialAction":[{"@type":"ReadAction","target":["https:\/\/www.websupport.hu\/tamogatas\/kb\/businessmail-es-levelezes-migralasa-osztott-tarhelyre\/"]}]},{"@type":"ImageObject","inLanguage":"hu","@id":"https:\/\/www.websupport.hu\/tamogatas\/kb\/businessmail-es-levelezes-migralasa-osztott-tarhelyre\/#primaryimage","url":"https:\/\/www.websupport.hu\/tamogatas\/app\/uploads\/sites\/3\/2026\/02\/nevjegy.png","contentUrl":"https:\/\/www.websupport.hu\/tamogatas\/app\/uploads\/sites\/3\/2026\/02\/nevjegy.png","width":1429,"height":811},{"@type":"BreadcrumbList","@id":"https:\/\/www.websupport.hu\/tamogatas\/kb\/businessmail-es-levelezes-migralasa-osztott-tarhelyre\/#breadcrumb","itemListElement":[{"@type":"ListItem","position":1,"name":"Home","item":"https:\/\/www.websupport.hu\/tamogatas\/"},{"@type":"ListItem","position":2,"name":"BusinessMail-es levelez\u00e9s migr\u00e1l\u00e1sa osztott t\u00e1rhelyre"}]},{"@type":"WebSite","@id":"https:\/\/www.websupport.hu\/tamogatas\/#website","url":"https:\/\/www.websupport.hu\/tamogatas\/","name":"Websupport Tud\u00e1sb\u00e1zis","description":"","potentialAction":[{"@type":"SearchAction","target":{"@type":"EntryPoint","urlTemplate":"https:\/\/www.websupport.hu\/tamogatas\/?s={search_term_string}"},"query-input":{"@type":"PropertyValueSpecification","valueRequired":true,"valueName":"search_term_string"}}],"inLanguage":"hu"}]}},"_links":{"self":[{"href":"https:\/\/www.websupport.hu\/tamogatas\/wp-json\/wp\/v2\/ht-kb\/9816","targetHints":{"allow":["GET"]}}],"collection":[{"href":"https:\/\/www.websupport.hu\/tamogatas\/wp-json\/wp\/v2\/ht-kb"}],"about":[{"href":"https:\/\/www.websupport.hu\/tamogatas\/wp-json\/wp\/v2\/types\/ht_kb"}],"author":[{"embeddable":true,"href":"https:\/\/www.websupport.hu\/tamogatas\/wp-json\/wp\/v2\/users\/19"}],"version-history":[{"count":1,"href":"https:\/\/www.websupport.hu\/tamogatas\/wp-json\/wp\/v2\/ht-kb\/9816\/revisions"}],"predecessor-version":[{"id":9831,"href":"https:\/\/www.websupport.hu\/tamogatas\/wp-json\/wp\/v2\/ht-kb\/9816\/revisions\/9831"}],"wp:attachment":[{"href":"https:\/\/www.websupport.hu\/tamogatas\/wp-json\/wp\/v2\/media?parent=9816"}],"wp:term":[{"taxonomy":"ht_kb_category","embeddable":true,"href":"https:\/\/www.websupport.hu\/tamogatas\/wp-json\/wp\/v2\/ht-kb-category?post=9816"},{"taxonomy":"ht_kb_tag","embeddable":true,"href":"https:\/\/www.websupport.hu\/tamogatas\/wp-json\/wp\/v2\/ht-kb-tag?post=9816"}],"curies":[{"name":"wp","href":"https:\/\/api.w.org\/{rel}","templated":true}]}}